{"id":3306,"date":"2015-07-21T14:22:27","date_gmt":"2015-07-21T17:22:27","guid":{"rendered":"http:\/\/peabiru.org.br\/?page_id=3306"},"modified":"2015-07-21T14:22:27","modified_gmt":"2015-07-21T17:22:27","slug":"progoeldi","status":"publish","type":"page","link":"https:\/\/peabiru.org.br\/en\/progoeldi\/","title":{"rendered":"ProGoeldi"},"content":{"rendered":"<figure class=\"wp-block-image\"><img loading=\"lazy\" decoding=\"async\" width=\"1920\" height=\"639\" src=\"https:\/\/peabiru.org.br\/wp-content\/uploads\/2018\/03\/banner1803.png\" alt=\"banner1803\" class=\"wp-image-6097\" srcset=\"https:\/\/peabiru.org.br\/wp-content\/uploads\/2018\/03\/banner1803.png 1920w, https:\/\/peabiru.org.br\/wp-content\/uploads\/2018\/03\/banner1803-300x100.png 300w, https:\/\/peabiru.org.br\/wp-content\/uploads\/2018\/03\/banner1803-1024x341.png 1024w, https:\/\/peabiru.org.br\/wp-content\/uploads\/2018\/03\/banner1803-768x256.png 768w, https:\/\/peabiru.org.br\/wp-content\/uploads\/2018\/03\/banner1803-1536x512.png 1536w, https:\/\/peabiru.org.br\/wp-content\/uploads\/2018\/03\/banner1803-2048x682.png 2048w\" sizes=\"auto, (max-width: 1920px) 100vw, 1920px\" \/><\/figure>\n\n\n\n<figure class=\"wp-block-embed is-type-video is-provider-youtube wp-block-embed-youtube wp-embed-aspect-16-9 wp-has-aspect-ratio\"><div class=\"wp-block-embed__wrapper\">\n<div class=\"jetpack-video-wrapper\"><iframe loading=\"lazy\" title=\"150 Anos do Museu Paraense Em\u00edlio Goeldi\" width=\"500\" height=\"281\" src=\"https:\/\/www.youtube.com\/embed\/XkE6Fofx4fY?feature=oembed\" frameborder=\"0\" allow=\"accelerometer; autoplay; clipboard-write; encrypted-media; gyroscope; picture-in-picture; web-share\" referrerpolicy=\"strict-origin-when-cross-origin\" allowfullscreen><\/iframe><\/div>\n<\/div><\/figure>\n\n\n\n<div style=\"height:67px;\" aria-hidden=\"true\" class=\"wp-block-spacer\"><\/div>\n\n\n\n<h1 class=\"wp-block-heading\" id=\"o-programa-progoeldi\"><strong>O Programa ProGoeldi<\/strong><\/h1>\n\n\n\n<hr class=\"wp-block-separator\" \/>\n\n\n\n<p class=\"has-drop-cap x_MsoNormal\">H\u00e1 cinco anos foi criado o Programa ProGoeldi, para unir os esfor\u00e7os da sociedade civil em prol do Museu Paraense Em\u00edlio Goeldi em seus 150 anos, comemorados em outubro de 2016. O foco sempre foi a revitaliza\u00e7\u00e3o de seu Parque Zoobot\u00e2nico, em Bel\u00e9m, onde mesmo com a forte crise econ\u00f4mica contribu\u00edmos com pequenas a\u00e7\u00f5es como a revitaliza\u00e7\u00e3o dos muros externos, a reforma de decks, reabertura da loja do Museu, hoje Caf\u00e9 do Museu e outras a\u00e7\u00f5es.<\/p>\n\n\n\n<p class=\"x_MsoNormal\">Neste per\u00edodo, o Instituto Peabiru, uma organiza\u00e7\u00e3o da sociedade civil com sede em Bel\u00e9m e mais de 20 anos de atua\u00e7\u00e3o, respons\u00e1vel pelo Programa ProGoeldi, conseguiu angariar parcerias com a iniciativa privada \u2013 Akzo Nobel (Tintas Coral), Banpar\u00e1, Banco da Amaz\u00f4nia, Imerys Caulim, Celpa entre outros \u2013 e com o Governo do Estado (SUSIPE e Propaz). Conquistamos o apoio de artistas, como Faf\u00e1 de Bel\u00e9m (madrinha do programa), e recebemos manifesta\u00e7\u00f5es de milhares de pessoas.<\/p>\n\n\n\n<p class=\"x_MsoNormal\">Vale ressaltar que mesmo \u00e0 frente do ProGoeldi, o Instituto Peabiru entende seu papel como de uma secretaria executiva da sociedade civil, um facilitador, para viabilizar as iniciativas do Museu Goeldi.<\/p>\n\n\n\n<div style=\"height:100px;\" aria-hidden=\"true\" class=\"wp-block-spacer\"><\/div>\n\n\n\n<h1 class=\"wp-block-heading\" id=\"documentos-progoeldi\"><strong>Documentos ProGoeldi<\/strong><\/h1>\n\n\n\n<hr class=\"wp-block-separator\" \/>\n\n\n\n<p><a href=\"https:\/\/peabiru.org.br\/wp-content\/uploads\/2021\/12\/2021_relatoriofinal_reforma-recinto-das-aves-museu-goeldi.docx-2_compressed-1.pdf\">Relat\u00f3rio Reforma Recinto das Aves &#8211; Programa Matchfunding de Culturas BNDES<\/a><\/p>\n\n\n\n<p><a href=\"https:\/\/peabiru.org.br\/wp-content\/uploads\/2020\/04\/progoeldi-relatorio-anual-2019-1.pdf\">Relat\u00f3rio Anual 2019<\/a> <\/p>\n\n\n\n<p><a title=\"ProGoeldi - Relatorio Anual 2018\" href=\"https:\/\/peabiru.org.br\/wp-content\/uploads\/2019\/04\/progoeldi-relatorio-anual-2018.pdf\">Relatorio Anual 2018<\/a><\/p>\n\n\n\n<p><a title=\"180322-ProGoeldi - Relatorio Anual 2017\" href=\"https:\/\/peabiru.org.br\/wp-content\/uploads\/2018\/03\/180322-progoeldi-relatorio-anual-2017.pdf\">Relat\u00f3rio Anual 2017<\/a><\/p>\n\n\n\n<p><a href=\"https:\/\/peabiru.org.br\/wp-content\/uploads\/2015\/07\/160727-relatanualprogoeldi.pdf\" target=\"_blank\" rel=\"noopener noreferrer\">Relat\u00f3rio Anual 2015\/2016<\/a><\/p>\n\n\n\n<p><a style=\"background-color:#ffffff;box-shadow:0 0 0 1px rgba(var(--color-primary-rgb),0.2);\" href=\"https:\/\/peabiru.org.br\/en\/2017\/09\/04\/leia-aqui-carta-aberta-do-progoeldi-sobre-o-museu-goeldi\/\">Carta aberta&nbsp;do ProGoeldi sobre o Museu Goeldi &#8211; setembro\/2017<\/a><\/p>\n\n\n\n<p><a href=\"https:\/\/peabiru.org.br\/wp-content\/uploads\/2015\/07\/150805-progoeldi-faq.pdf\" target=\"_blank\" rel=\"noopener noreferrer\">Perguntas e Respostas<\/a><\/p>\n\n\n\n<p><a href=\"https:\/\/peabiru.org.br\/wp-content\/uploads\/2015\/07\/160310_release_progoeldi.pdf\" target=\"_blank\" rel=\"noopener noreferrer\">Release para imprensa<\/a><\/p>\n\n\n\n<p><a href=\"https:\/\/peabiru.org.br\/wp-content\/uploads\/2015\/07\/150608-acordo-de-cooperacao-tecnico-cientifico-peabiru_mpeg.pdf\" target=\"_blank\" rel=\"noopener noreferrer\">Conv\u00eanio com o MPEG<\/a><\/p>\n\n\n\n<p><a href=\"https:\/\/peabiru.org.br\/wp-content\/uploads\/2015\/07\/acordo-de-cooperac3a7c3a3o-entre-mpeg-e-peabiru_goeldi150_captac3a7c3a3o-1.pdf\" target=\"_blank\" rel=\"noopener noreferrer\">Publica\u00e7\u00e3o no Di\u00e1rio Oficial<\/a><\/p>\n\n\n\n<p><a title=\"oi 025-2017 cria\u00c3\u00a7\u00c3\u00a3o do conselho curador espa\u00c3\u00a7o goeldi 150\" href=\"https:\/\/peabiru.org.br\/wp-content\/uploads\/2015\/07\/oi-025-2017-criac3a3c2a7c3a3c2a3o-do-conselho-curador-espac3a3c2a7o-goeldi-150.pdf\">Diretrizes do conselho curador Espa\u00e7o Goeldi 150 anos<\/a><\/p>\n\n\n\n<div style=\"height:100px;\" aria-hidden=\"true\" class=\"wp-block-spacer\"><\/div>\n\n\n\n<h1 class=\"wp-block-heading\" id=\"documentos-progoeldi\"><strong>Iniciativas<\/strong><\/h1>\n\n\n\n<p id=\"conheca-as-iniciativas-que-fazem-parte-do-programa-de-revitalizacao-do-parque-zoobotanico-do-museu-goeldi\">Conhe\u00e7a as Iniciativas que fazem parte do programa de Revitaliza\u00e7\u00e3o do Parque Zoobot\u00e2nico do Museu Goeldi<\/p>\n\n\n\n<hr class=\"wp-block-separator\" \/>\n\n\n\n<div class=\"wp-block-image\"><figure class=\"aligncenter\"><img loading=\"lazy\" decoding=\"async\" width=\"1600\" height=\"1052\" src=\"https:\/\/peabiru.org.br\/wp-content\/uploads\/2015\/07\/planta-pz-542kb.jpeg\" alt=\"Planta PZ 542kb\" class=\"wp-image-3431\" \/><\/figure><\/div>\n\n\n\n<p><strong>Obras priorit\u00e1rias<\/strong><\/p>\n\n\n\n<p>Conhe\u00e7a aqui algumas das obras priorit\u00e1rias:<\/p>\n\n\n\n<ol class=\"wp-block-list\"><li>Reforma do Espa\u00e7o de Atividades Educativas (Ra\u00edzes)<\/li><li>Projeto de Sinaliza\u00e7\u00e3o do Parque;<\/li><li>Novo recinto para as Pregui\u00e7as<\/li><li>Novo recinto para o Pirarucu<\/li><li>Floreiras das cal\u00e7adas externas do Parque;<\/li><li>Esquina da Gastronomia;<\/li><li>Caf\u00e9 do Espa\u00e7o Museu Goeldi<\/li><li>Conclus\u00e3o do Centro de Exposi\u00e7\u00f5es Eduardo Galv\u00e3o;<\/li><li>Reforma dos Recintos das aves; e<\/li><li>Restauro da Casa do Em\u00edlio Goeldi;<\/li><\/ol>\n\n\n\n<p><strong>Servi\u00e7os educativos e cient\u00edficos<\/strong><\/p>\n\n\n\n<p>Entre as prioridades de apoio est\u00e3o:<\/p>\n\n\n\n<ol class=\"wp-block-list\"><li>Monitores para o Aqu\u00e1rio: este projeto inclui a manuten\u00e7\u00e3o do Aqu\u00e1rio;<\/li><li>Programa Pesquisador mirim;<\/li><li>Oficinas para jovens e adultos para capacita\u00e7\u00e3o artesanal e profissionalizante; e<\/li><li>Apoio a atendimento de escolas e grupos.<\/li><\/ol>\n\n\n\n<p><\/p>\n\n\n\n<p><strong>Eventos<\/strong><\/p>\n\n\n\n<p>Destacam-se como prioridades:<\/p>\n\n\n\n<ol class=\"wp-block-list\"><li>Exposi\u00e7\u00e3o Caminho das Pedras (patrim\u00f4nio mineral do Par\u00e1);<\/li><li>Evento mensal \u201cQuartas no Museu\u201d no audit\u00f3rio do Parque; e<\/li><li>Evento Semanal \u201cUma Noite no Museu\u201d, no Parque Zoobot\u00e2nico.<\/li><\/ol>\n\n\n\n<p><strong>Obs:<\/strong> Para detalhes sobre as obras, servi\u00e7os e eventos (como projetos, or\u00e7amentos, plantas etc), entre em contato conosco pelos n\u00fameros indicados abaixo.<\/p>\n\n\n\n<div style=\"height:100px;\" aria-hidden=\"true\" class=\"wp-block-spacer\"><\/div>\n\n\n\n<h1 class=\"wp-block-heading\" id=\"documentos-progoeldi\"><strong>Como apoiar<\/strong><\/h1>\n\n\n\n<p><b>Saiba como contribuir<\/b><\/p>\n\n\n\n<p>Adquirir produtos da Loja do Museu (Espa\u00e7o Museu Goeldi) \u2013 onde tamb\u00e9m se pode realizar doa\u00e7\u00f5es por cart\u00e3o de d\u00e9bito e de cr\u00e9dito.<\/p>\n\n\n\n<p>Doa\u00e7\u00f5es \u2013 Como indiv\u00edduo ou organiza\u00e7\u00e3o \u2013 deposite na conta corrente abaixo: Instituto Peabiru \u2013 ProGoeldiCNPJ : 02.650.035\/0001-00<\/p>\n\n\n\n<div style=\"height:57px;\" aria-hidden=\"true\" class=\"wp-block-spacer\"><\/div>\n\n\n\n<p class=\"has-white-color has-text-color has-background\" style=\"background-color:#170973;\"><strong>Ita\u00fa \u2013 Banco 341<br>Conta corrente: 20199-1<br>Ag\u00eancia: 8347<\/strong><\/p>\n\n\n\n<div style=\"height:57px;\" aria-hidden=\"true\" class=\"wp-block-spacer\"><\/div>\n\n\n\n<p>Envie comprovante para <a href=\"mailto:peabiru@peabiru.org.br\">peabiru@peabiru.org.br<\/a> informando seu nome, CPF e endere\u00e7o completo e mandaremos recibo de doa\u00e7\u00e3o correspondente. No caso de doa\u00e7\u00e3o via organiza\u00e7\u00e3o informe seu nome, raz\u00e3o social, CNPJ e contato (nome, cargo, telefone, email), para a emiss\u00e3o do recibo.<\/p>\n\n\n\n<hr class=\"wp-block-separator\" \/>\n\n\n\n<p><strong>Ado\u00e7\u00e3o de projetos \/ Patroc\u00ednio<br><\/strong><br>Entre as prioridades est\u00e3o:<\/p>\n\n\n\n<p>Caf\u00e9 do Espa\u00e7o Museu Goeldi;<\/p>\n\n\n\n<p>Reforma do Espa\u00e7o de Atividades Educativas (Ra\u00edzes) ;<\/p>\n\n\n\n<p>Novo Recinto das Pregui\u00e7as;<\/p>\n\n\n\n<p>Novo Recinto do Pirarucu; e<\/p>\n\n\n\n<p>Programa Pesquisador Mirim<\/p>\n\n\n\n<div style=\"height:100px;\" aria-hidden=\"true\" class=\"wp-block-spacer\"><\/div>\n\n\n\n<h1 class=\"wp-block-heading\" id=\"documentos-progoeldi\"><strong>Not\u00edcias Progoeldi<\/strong><\/h1>\n\n\n\n<p><\/p>\n\n\n\n<p><a href=\"http:\/\/peabiru.org.br\/en\/?s=progoeldi&amp;submit.x=0&amp;submit.y=0\" target=\"_blank\" rel=\"noopener noreferrer\">Confira aqui as mat\u00e9rias publicadas sobre o ProGoeldi, no site do Instituto Peabiru<\/a>.<\/p>\n\n\n\n<div style=\"height:100px;\" aria-hidden=\"true\" class=\"wp-block-spacer\"><\/div>\n\n\n\n<h1 class=\"wp-block-heading\" id=\"documentos-progoeldi\"><strong>Contacts<\/strong><\/h1>\n\n\n\n<p>Hannah Mau\u00e9s &#8211; Coordenadora (peabiru@peabiru.org.br) <\/p>\n\n\n\n<p>Instituto Peabiru: <br>(91) 3222 6000<br>Rua \u00d3 de Almeida, 1083. Reduto, Bel\u00e9m, Par\u00e1, Brasil. CEP: 66053-190<\/p>\n\n\n\n<div style=\"height:100px;\" aria-hidden=\"true\" class=\"wp-block-spacer\"><\/div>\n\n\n\n<h1 class=\"wp-block-heading\" id=\"documentos-progoeldi\"><strong>M\u00eddias sociais<\/strong><\/h1>\n\n\n\n<p><strong>Siga o ProGoeldi nas redes sociais<\/strong><\/p>\n\n\n\n<p><a href=\"https:\/\/www.facebook.com\/progoeldi\">Facebook<\/a><br><a href=\"https:\/\/www.instagram.com\/progoeldi\/\">Instagram<\/a><br><a href=\"https:\/\/twitter.com\/progoeldi\">Twitter<\/a><\/p>","protected":false},"excerpt":{"rendered":"<p>O Programa ProGoeldi H\u00e1 cinco anos foi criado o Programa ProGoeldi, para unir os esfor\u00e7os da sociedade civil em prol do Museu Paraense Em\u00edlio Goeldi em seus 150 anos, comemorados em outubro de 2016. O foco sempre foi a revitaliza\u00e7\u00e3o de seu Parque Zoobot\u00e2nico, em Bel\u00e9m, onde mesmo com a forte crise econ\u00f4mica contribu\u00edmos com [&hellip;]<\/p>","protected":false},"author":2,"featured_media":6097,"parent":0,"menu_order":0,"comment_status":"open","ping_status":"closed","template":"template-fullwidth.php","meta":{"advanced_seo_description":"","jetpack_seo_html_title":"","jetpack_seo_noindex":false,"footnotes":""},"class_list":["post-3306","page","type-page","status-publish","has-post-thumbnail","hentry"],"jetpack_sharing_enabled":true,"_links":{"self":[{"href":"https:\/\/peabiru.org.br\/en\/wp-json\/wp\/v2\/pages\/3306","targetHints":{"allow":["GET"]}}],"collection":[{"href":"https:\/\/peabiru.org.br\/en\/wp-json\/wp\/v2\/pages"}],"about":[{"href":"https:\/\/peabiru.org.br\/en\/wp-json\/wp\/v2\/types\/page"}],"author":[{"embeddable":true,"href":"https:\/\/peabiru.org.br\/en\/wp-json\/wp\/v2\/users\/2"}],"replies":[{"embeddable":true,"href":"https:\/\/peabiru.org.br\/en\/wp-json\/wp\/v2\/comments?post=3306"}],"version-history":[{"count":0,"href":"https:\/\/peabiru.org.br\/en\/wp-json\/wp\/v2\/pages\/3306\/revisions"}],"wp:featuredmedia":[{"embeddable":true,"href":"https:\/\/peabiru.org.br\/en\/wp-json\/wp\/v2\/media\/6097"}],"wp:attachment":[{"href":"https:\/\/peabiru.org.br\/en\/wp-json\/wp\/v2\/media?parent=3306"}],"curies":[{"name":"wp","href":"https:\/\/api.w.org\/{rel}","templated":true}]}}