{"id":602,"date":"2012-09-17T16:59:59","date_gmt":"2012-09-17T19:59:59","guid":{"rendered":"http:\/\/institutopeabiru.wordpress.com\/?page_id=602"},"modified":"2024-08-19T15:46:56","modified_gmt":"2024-08-19T18:46:56","slug":"belem-ribeirinha","status":"publish","type":"page","link":"https:\/\/peabiru.org.br\/en\/publicacoes\/belem-ribeirinha\/","title":{"rendered":"Territ\u00f3rios"},"content":{"rendered":"<p>Aqui voc\u00ea encontra as importantes publica\u00e7\u00f5es t\u00e9cnicas e cient\u00edficas apresentadas por territ\u00f3rio:<br> Grande Bel\u00e9m, Maraj\u00f3, Nordeste Paraense e Outros. <\/p>\n\n\n\n<hr class=\"wp-block-separator has-css-opacity\"\/>\n\n\n\n<h1 class=\"wp-block-heading has-text-align-center\">Grande Bel\u00e9m<\/h1>\n\n\n\n<figure class=\"wp-block-image size-large\"><img loading=\"lazy\" decoding=\"async\" width=\"1024\" height=\"768\" src=\"https:\/\/peabiru.org.br\/wp-content\/uploads\/2017\/07\/20170719_1049481-1024x768.jpg\" alt=\"\" class=\"wp-image-4735\" srcset=\"https:\/\/peabiru.org.br\/wp-content\/uploads\/2017\/07\/20170719_1049481-1024x768.jpg 1024w, https:\/\/peabiru.org.br\/wp-content\/uploads\/2017\/07\/20170719_1049481-300x225.jpg 300w, https:\/\/peabiru.org.br\/wp-content\/uploads\/2017\/07\/20170719_1049481-768x576.jpg 768w, https:\/\/peabiru.org.br\/wp-content\/uploads\/2017\/07\/20170719_1049481-1536x1152.jpg 1536w, https:\/\/peabiru.org.br\/wp-content\/uploads\/2017\/07\/20170719_1049481-2048x1536.jpg 2048w, https:\/\/peabiru.org.br\/wp-content\/uploads\/2017\/07\/20170719_1049481.jpg 1920w\" sizes=\"auto, (max-width: 1024px) 100vw, 1024px\" \/><figcaption class=\"wp-element-caption\"><em>Projeto Luz para uma vida melhor. Comunidade&nbsp;Nossa Senhora da Concei\u00e7\u00e3o, Ilha de Paquet\u00e1, Bel\u00e9m, PA. Julho de 2017. <\/em><br><em>Foto: Mariana Buoro.<\/em><\/figcaption><\/figure>\n\n\n\n<h3 class=\"wp-block-heading\"><strong>Artigos<\/strong><\/h3>\n\n\n\n<ul class=\"wp-block-list\">\n<li><a href=\"https:\/\/peabiru.org.br\/wp-content\/uploads\/2014\/08\/belemribeirnha-marcocontextual.pdf\">Marco Contextual &#8211; Bel\u00e9m Ribeirinha como um espa\u00e7o de transforma\u00e7\u00e3o.<\/a>\u00a0Por Jo\u00e3o Meirelles, publicado em Instituto Peabiru, dezembro de 2014.<\/li>\n\n\n\n<li><a href=\"https:\/\/peabiru.org.br\/wp-content\/uploads\/2014\/08\/joaomeirelles-belemribeirinha-peabiru.pdf\">Apresenta\u00e7\u00e3o do Marco Contextual &#8211; Bel\u00e9m Ribeirinha como um espa\u00e7o de transforma\u00e7\u00e3o<\/a>.\u00a0Por Jo\u00e3o Meirelles, publicado em Instituto Peabiru, dezembro de 2014.<\/li>\n\n\n\n<li><a title=\"ThaisSoaresHSDissertation\" href=\"https:\/\/peabiru.org.br\/wp-content\/uploads\/2018\/02\/thaissoareshsdissertation.pdf\" target=\"_blank\" rel=\"noopener\">A Holistic Approach to Apprehend Traditional Communities\u2019 of Bel\u00e9m Relationship to Nature.<\/a> Por Thais Moreno Soares, publicado em\u00a0University of Plymouth Schumacher College, agosto de 2016.<\/li>\n\n\n\n<li><a title=\"Resumo em portugues da tese de Susanna Neleman (CEDLA)\" href=\"https:\/\/peabiru.org.br\/wp-content\/uploads\/2018\/02\/resumo-em-portugues-da-tese-de-susanna-neleman-cedla.pdf\">Resumo em portugues da tese de Susanna Neleman (CEDLA).<\/a>\u00a0Por Thais Moreno Soares, publicado em\u00a0University of Plymouth Schumacher College, agosto de 2016.<\/li>\n<\/ul>\n\n\n\n<div style=\"height:100px\" aria-hidden=\"true\" class=\"wp-block-spacer\"><\/div>\n\n\n\n<h1 class=\"wp-block-heading has-text-align-center\">Maraj\u00f3<\/h1>\n\n\n\n<h2 class=\"wp-block-heading\">Embarca Maraj\u00f3 (2015-2017)<\/h2>\n\n\n\n<figure class=\"wp-block-image size-full is-resized\"><img loading=\"lazy\" decoding=\"async\" width=\"800\" height=\"532\" src=\"https:\/\/peabiru.org.br\/wp-content\/uploads\/2012\/10\/viva-mua-peacador-foto-naiana-thiely.jpg\" alt=\"\" class=\"wp-image-993\" style=\"width:1200px\" srcset=\"https:\/\/peabiru.org.br\/wp-content\/uploads\/2012\/10\/viva-mua-peacador-foto-naiana-thiely.jpg 800w, https:\/\/peabiru.org.br\/wp-content\/uploads\/2012\/10\/viva-mua-peacador-foto-naiana-thiely-300x200.jpg 300w, https:\/\/peabiru.org.br\/wp-content\/uploads\/2012\/10\/viva-mua-peacador-foto-naiana-thiely-768x511.jpg 768w\" sizes=\"auto, (max-width: 800px) 100vw, 800px\" \/><figcaption class=\"wp-element-caption\"><em>Pescador marajoara ao amanhecer.<\/em><br><em>Foto: Naiana Thiely<\/em>.<\/figcaption><\/figure>\n\n\n\n<p>O projeto Embarca Maraj\u00f3 foi uma realiza\u00e7\u00e3o do IEB, Instituto Peabiru e Instituto Vit\u00f3ria R\u00e9gia, com apoio do Fundo Socioambiental Caixa, para o &nbsp;fortalecimento de processos de desenvolvimento local integrado a pol\u00edticas p\u00fablicas, nos munic\u00edpios onde trafega a Ag\u00eancia-barco. O Peabiru atuou principalmente em Curralinho, no a\u00e7a\u00ed e em Salvaterra, com \u00f3leo de andiroba, difundindo boas iniciativas locais. Tamb\u00e9m foi produzido o filme &#8220;Maraj\u00f3 Mulher&#8221;, pela Associa\u00e7\u00e3o Dalc\u00eddio Jurandir e exibido em cidades do Maraj\u00f3.<\/p>\n\n\n\n<h3 class=\"wp-block-heading\"><strong>Boletins<\/strong><\/h3>\n\n\n\n<p> <a href=\"https:\/\/peabiru.org.br\/wp-content\/uploads\/2017\/11\/boletim_informativo_producao_04.pdf\">Boletim Embarca Maraj\u00f3 &#8211; Edi\u00e7\u00e3o 1 (2015)<\/a><br> <a href=\"https:\/\/peabiru.org.br\/wp-content\/uploads\/2017\/11\/boletimembarcamarajo_ed02_2017.pdf\">Boletim Embarca Maraj\u00f3 &#8211; Edi\u00e7\u00e3o 2 (2017)<\/a><\/p>\n\n\n\n<h3 class=\"wp-block-heading\"><strong>Mat\u00e9rias<\/strong><\/h3>\n\n\n\n<p>Veja todas as mat\u00e9rias relacionadas ao Embarca Maraj\u00f3 <a href=\"https:\/\/peabiru.org.br\/en\/search\/?q=embarca maraj\u00f3\">aqui<\/a>.<\/p>\n\n\n\n<h3 class=\"wp-block-heading\"><strong>Videos<\/strong><\/h3>\n\n\n\n<figure class=\"wp-block-embed aligncenter is-type-video is-provider-youtube wp-block-embed-youtube wp-embed-aspect-16-9 wp-has-aspect-ratio\"><div class=\"wp-block-embed__wrapper\">\n<div class=\"jetpack-video-wrapper\"><iframe loading=\"lazy\" title=\"Projeto Embarca Maraj\u00f3: navegando na mar\u00e9 da sustentabilidade\" width=\"500\" height=\"281\" src=\"https:\/\/www.youtube.com\/embed\/2o081r2cwlE?feature=oembed\" frameborder=\"0\" allow=\"accelerometer; autoplay; clipboard-write; encrypted-media; gyroscope; picture-in-picture; web-share\" referrerpolicy=\"strict-origin-when-cross-origin\" allowfullscreen><\/iframe><\/div>\n<\/div><\/figure>\n\n\n\n<h2 class=\"wp-block-heading\">Assist\u00eancia T\u00e9cnica e Extens\u00e3o Rural (ATER) a Assentamentos no Maraj\u00f3 (2014-2016)<\/h2>\n\n\n\n<figure class=\"wp-block-image size-large\"><img loading=\"lazy\" decoding=\"async\" width=\"1024\" height=\"768\" src=\"https:\/\/peabiru.org.br\/wp-content\/uploads\/2022\/08\/IMG_20150513_135849761_HDR-1024x768.jpg\" alt=\"\" class=\"wp-image-12923\" srcset=\"https:\/\/peabiru.org.br\/wp-content\/uploads\/2022\/08\/IMG_20150513_135849761_HDR-1024x768.jpg 1024w, https:\/\/peabiru.org.br\/wp-content\/uploads\/2022\/08\/IMG_20150513_135849761_HDR-300x225.jpg 300w, https:\/\/peabiru.org.br\/wp-content\/uploads\/2022\/08\/IMG_20150513_135849761_HDR-768x576.jpg 768w, https:\/\/peabiru.org.br\/wp-content\/uploads\/2022\/08\/IMG_20150513_135849761_HDR-1536x1152.jpg 1536w, https:\/\/peabiru.org.br\/wp-content\/uploads\/2022\/08\/IMG_20150513_135849761_HDR-16x12.jpg 16w, https:\/\/peabiru.org.br\/wp-content\/uploads\/2022\/08\/IMG_20150513_135849761_HDR.jpg 1920w\" sizes=\"auto, (max-width: 1024px) 100vw, 1024px\" \/><figcaption class=\"wp-element-caption\"><em>Projeto ATER Maraj\u00f3 &#8211; Oficina de Associativismo Chipaia.<\/em><\/figcaption><\/figure>\n\n\n\n<p>A partir de edital do INCRA, o Instituto Peabiru assistiu cerca de 800 fam\u00edlias de 5 assentamentos agroextrativistas (PAEX) dos municipios de Cachoeira do Arari e Ponta de Pedras, no Maraj\u00f3. Abaixo documentos produzidos:<\/p>\n\n\n\n<h3 class=\"wp-block-heading\"><strong>Diagn\u00f3sticos R\u00e1pido Participativos<\/strong><\/h3>\n\n\n\n<ul class=\"wp-block-list\">\n<li><a href=\"https:\/\/peabiru.org.br\/wp-content\/uploads\/2015\/11\/drp-pae_chipaia.pdf\" target=\"_blank\" rel=\"noopener\">DRP \u2013 Chipaia<\/a><\/li>\n\n\n\n<li><a href=\"https:\/\/peabiru.org.br\/wp-content\/uploads\/2015\/11\/drp-pae_santana.pdf\" target=\"_blank\" rel=\"noopener\">DRP \u2013 Santana<\/a><\/li>\n\n\n\n<li><a href=\"https:\/\/peabiru.org.br\/wp-content\/uploads\/2015\/11\/drp-pae-santana-tartarugueiro-final.pdf\" target=\"_blank\" rel=\"noopener\">DRP \u2013 Santana \u2013 Tartarugueiro<\/a><\/li>\n\n\n\n<li><a href=\"https:\/\/peabiru.org.br\/wp-content\/uploads\/2015\/11\/drp-pae-setubal-final.pdf\" target=\"_blank\" rel=\"noopener\">DRP \u2013 Setubal<\/a><\/li>\n\n\n\n<li><a href=\"https:\/\/peabiru.org.br\/wp-content\/uploads\/2015\/11\/drp-pae-soberana-final.pdf\" target=\"_blank\" rel=\"noopener\">DRP \u2013 Soberana<\/a><\/li>\n\n\n\n<li><a href=\"https:\/\/peabiru.org.br\/wp-content\/uploads\/2015\/11\/drp-pae-urubuquara-anuera-2.pdf\" target=\"_blank\" rel=\"noopener\">DRP\u00a0\u2013 Urubuquara \u2013 Anuera<\/a><\/li>\n<\/ul>\n\n\n\n<h3 class=\"wp-block-heading\"><strong>Registros fotogr\u00e1ficos<\/strong><\/h3>\n\n\n\n<ul class=\"wp-block-list\">\n<li><a href=\"https:\/\/peabiru.org.br\/wp-content\/uploads\/2015\/11\/drp-setubal-registro-fotografico.pdf\" target=\"_blank\" rel=\"noopener\">Relat\u00f3rio de Fotos \u2013 DRP \u2013 Setubal<\/a><\/li>\n\n\n\n<li><a href=\"https:\/\/peabiru.org.br\/wp-content\/uploads\/2015\/11\/drp_urubuquara-relatrio_de_fotos-2.pdf\">Relat\u00f3rio de Fotos \u2013 DRP \u2013\u00a0Urubuquara<\/a><\/li>\n\n\n\n<li><a href=\"https:\/\/peabiru.org.br\/wp-content\/uploads\/2015\/11\/drp-pae_santana-relatorio-fotos.pdf\">Relat\u00f3rio de Fotos \u2013 DRP \u2013\u00a0Santana<\/a><\/li>\n\n\n\n<li><a href=\"https:\/\/peabiru.org.br\/wp-content\/uploads\/2015\/11\/drp-pae-santana-tartarugueiro-fotos.pdf\">Relat\u00f3rio de Fotos \u2013 DRP \u2013 Santana \u2013 Tartarugueiro<\/a><\/li>\n\n\n\n<li><a href=\"https:\/\/peabiru.org.br\/wp-content\/uploads\/2015\/11\/relatc3b3rio-de-fotos-drp-soberana-1.pdf\">Relat\u00f3rio de Fotos \u2013 DRP Soberana<\/a><\/li>\n\n\n\n<li><a href=\"https:\/\/peabiru.org.br\/wp-content\/uploads\/2015\/11\/relatc3b3rio-de-fotos-drp-soberana.pdf\">Relat\u00f3rio de Fotos \u2013 DRP Soberana 2<\/a><\/li>\n<\/ul>\n\n\n\n<h3 class=\"wp-block-heading\"><strong>Planos Participativos<\/strong><\/h3>\n\n\n\n<ul class=\"wp-block-list\">\n<li><a href=\"https:\/\/peabiru.org.br\/wp-content\/uploads\/2015\/11\/150130-plano-setubal.pdf\">Plano Participativo \u2013 Setubal<\/a><\/li>\n\n\n\n<li><a href=\"https:\/\/peabiru.org.br\/wp-content\/uploads\/2015\/11\/150326-plano-urubuquara-anuerc3a1-compilado.pdf\">Plano Participativo \u2013 Urubuquara \u2013 Anuer\u00e1 Compilado<\/a><\/li>\n\n\n\n<li><a href=\"https:\/\/peabiru.org.br\/wp-content\/uploads\/2015\/11\/150427-_plano_participativo-urubuquara-arana.pdf\">Plano_Participativo \u2013 Urubuquara \u2013 Polo Arana<\/a><\/li>\n\n\n\n<li><a href=\"https:\/\/peabiru.org.br\/wp-content\/uploads\/2015\/11\/150428-plano-participativo-chiapaia.pdf\">Plano Participativo \u2013 Chiapaia<\/a><\/li>\n\n\n\n<li><a href=\"https:\/\/peabiru.org.br\/wp-content\/uploads\/2015\/11\/150510-plano-participativo-santana-polo-santana.pdf\">Plano Participativo \u2013 Santana \u2013 Polo Santana<\/a><\/li>\n\n\n\n<li><a href=\"https:\/\/peabiru.org.br\/wp-content\/uploads\/2015\/11\/20150226-plano-participativo-santana-tartarugueiro.pdf\">Plano Participativo \u2013 Santana \u2013 Polo Tartarugueiro<\/a><\/li>\n\n\n\n<li><a href=\"https:\/\/peabiru.org.br\/wp-content\/uploads\/2015\/11\/plano-participativo-soberana1.pdf\">Plano Participativo \u2013 Soberana<\/a><\/li>\n<\/ul>\n\n\n\n<div style=\"height:100px\" aria-hidden=\"true\" class=\"wp-block-spacer\"><\/div>\n\n\n\n<h2 class=\"wp-block-heading\">Maraj\u00f3 Viva Pesca&nbsp;(2013-2015)<\/h2>\n\n\n\n<figure class=\"wp-block-image size-full is-resized\"><img loading=\"lazy\" decoding=\"async\" width=\"800\" height=\"300\" src=\"https:\/\/peabiru.org.br\/wp-content\/uploads\/2014\/11\/141113_vivapesca_site_nucleo_detalhe.jpg\" alt=\"\" class=\"wp-image-2879\" style=\"width:1200px\" srcset=\"https:\/\/peabiru.org.br\/wp-content\/uploads\/2014\/11\/141113_vivapesca_site_nucleo_detalhe.jpg 800w, https:\/\/peabiru.org.br\/wp-content\/uploads\/2014\/11\/141113_vivapesca_site_nucleo_detalhe-300x113.jpg 300w, https:\/\/peabiru.org.br\/wp-content\/uploads\/2014\/11\/141113_vivapesca_site_nucleo_detalhe-768x288.jpg 768w\" sizes=\"auto, (max-width: 800px) 100vw, 800px\" \/><\/figure>\n\n\n\n<p>Com o patroc\u00ednio da Petrobras e do Governo Federal, trabalhou para a cria\u00e7\u00e3o de acordos de pescas, visando a recupera\u00e7\u00e3o e conserva\u00e7\u00e3o dos estoques pesqueiros do Rio Canaticu, em Curralinho, no Maraj\u00f3.<\/p>\n\n\n\n<h3 class=\"wp-block-heading\"><strong>Sites<\/strong><\/h3>\n\n\n\n<ul class=\"wp-block-list\">\n<li>Confira a p\u00e1gina do projeto Maraj\u00f3 Viva Pesca <a href=\"https:\/\/peabiru.org.br\/en\/marajovivapesca\/\">aqui<\/a>.<\/li>\n<\/ul>\n\n\n\n<h3 class=\"wp-block-heading\"><strong>Publica\u00e7\u00f5es<\/strong><\/h3>\n\n\n\n<ul class=\"wp-block-list\">\n<li><a title=\"acordosdepesca_DOE\" href=\"https:\/\/peabiru.org.br\/wp-content\/uploads\/2017\/10\/acordosdepesca_doe.pdf\">Resultado dos Acordos de Pesca<\/a>.<\/li>\n\n\n\n<li>Confira o <a title=\"Guia de Acordo de Pesca canaticu 100 x150mm\" href=\"https:\/\/peabiru.org.br\/wp-content\/uploads\/2017\/10\/guia-de-acordo-de-pesca-canaticu-100-x150mm.pdf\">Guia dos Acordos de Pesca<\/a>.<\/li>\n<\/ul>\n\n\n\n<h3 class=\"wp-block-heading\"><strong>Videos<\/strong><\/h3>\n\n\n\n<p>Constru\u00e7\u00e3o dos Acordos de Pesca<\/p>\n\n\n\n<figure class=\"wp-block-embed aligncenter is-type-video is-provider-youtube wp-block-embed-youtube wp-embed-aspect-16-9 wp-has-aspect-ratio\"><div class=\"wp-block-embed__wrapper\">\n<div class=\"jetpack-video-wrapper\"><iframe loading=\"lazy\" title=\"MARAJ\u00d3 VIVA PESCA   CONSTRU\u00c7\u00c3O DOS ACORDOS DE PESCA\" width=\"500\" height=\"281\" src=\"https:\/\/www.youtube.com\/embed\/Nm7J5nSoOTY?feature=oembed\" frameborder=\"0\" allow=\"accelerometer; autoplay; clipboard-write; encrypted-media; gyroscope; picture-in-picture; web-share\" referrerpolicy=\"strict-origin-when-cross-origin\" allowfullscreen><\/iframe><\/div>\n<\/div><\/figure>\n\n\n\n<h2 class=\"wp-block-heading\">Fortalecimento dos Arranjos Produtivos (APLs) de a\u00e7a\u00ed e andiroba no Maraj\u00f3 (2012-2014)<\/h2>\n\n\n\n<p>Este trabalho pioneiro \u00e9 parte da pol\u00edtica p\u00fablica do Minist\u00e9rio do Meio Ambiente, financiado pelo PNUD, para produtos da sociobiodiversidade em todo o Brasil.<\/p>\n\n\n\n<ul class=\"wp-block-list\">\n<li><strong>\u00a0<\/strong><a href=\"https:\/\/peabiru.org.br\/wp-content\/uploads\/2012\/09\/apl_relatocc81rio-oficina-accca7aicc81.pdf\" target=\"_blank\" rel=\"attachment noopener wp-att-2127\">Oficina de Elabora\u00e7\u00e3o de Estrat\u00e9gia de promo\u00e7\u00e3o da Cadeia de Valor do A\u00e7a\u00ed Marajoara<\/a> Publicado em: Instituto Peabiru. Bel\u00e9m, Brasil. Maio, 2013<strong>.<\/strong><\/li>\n\n\n\n<li>\u00a0<a href=\"https:\/\/peabiru.org.br\/wp-content\/uploads\/2012\/09\/apl_relatocc81rio-oficina-andiroba.pdf\" target=\"_blank\" rel=\"attachment noopener wp-att-2128\">Oficina de Elabora\u00e7\u00e3o de Estrat\u00e9gias de promo\u00e7\u00e3o da Cadeira de Valor da Andiroba Marajoara<\/a> Publicado em: Instituto Peabiru. Bel\u00e9m, Brasil. Maio, 2013.<\/li>\n\n\n\n<li>\u00a0<a href=\"https:\/\/peabiru.org.br\/wp-content\/uploads\/2014\/11\/peabiru_apl-acai.pdf\">Planejamento Estrat\u00e9gico da Cadeia de Valor do a\u00e7a\u00ed do Maraj\u00f3<\/a>\u00a0Publicado em: Instituto Peabiru.<\/li>\n<\/ul>\n\n\n\n<div style=\"height:100px\" aria-hidden=\"true\" class=\"wp-block-spacer\"><\/div>\n\n\n\n<h2 class=\"wp-block-heading\">Viva Maraj\u00f3 (2010-2012)<\/h2>\n\n\n\n\n\n<p>Trata-se da primeira a\u00e7\u00e3o do Instituto Peabiru no Maraj\u00f3, financiada pelo Fundo Vale. Iniciou-se com amplo diagn\u00f3stico (Escuta Maraj\u00f3); estudos sobre 4 cadeias de valor (a\u00e7a\u00ed, farinha de mandioca, pecu\u00e1ria e pesca artesanal); a\u00e7\u00f5es para o fortalecimento das organiza\u00e7\u00f5es sociais locais; e estudos para a cria\u00e7\u00e3o da Reserva da Biosfera do Maraj\u00f3, entre outras a\u00e7\u00f5es. <\/p>\n\n\n\n<h3 class=\"wp-block-heading\"><strong>Estudos de cadeias de valor<\/strong><\/h3>\n\n\n\n<p>Diagn\u00f3stico das Cadeias de Valor Sustent\u00e1veis e Inclusivas do Maraj\u00f3 \u2013 a\u00e7a\u00ed, mandioca, pesca artesanal e pecu\u00e1ria<\/p>\n\n\n\n<ul class=\"wp-block-list\">\n<li><a title=\"CadeiasDeValor-ApresentGeral\" href=\"https:\/\/peabiru.org.br\/wp-content\/uploads\/2017\/10\/cadeiasdevalor-apresentgeral.pdf\">Cadeias De Valor &#8211; Apresenta\u00e7\u00e3o Geral<\/a><\/li>\n\n\n\n<li><a title=\"Cadeia de Valor da Pecua\u0301ria -Marajo\u0301 (Versa\u0303o Final)\" href=\"https:\/\/peabiru.org.br\/wp-content\/uploads\/2017\/10\/cadeia-de-valor-da-pecuacc81ria-marajocc81-versacc83o-final.pdf\">Cadeias de Valor &#8211; Pecua\u0301ria<\/a><\/li>\n\n\n\n<li><a title=\"CadeiaDeValor-Acai-MpegPeabiru\" href=\"https:\/\/peabiru.org.br\/wp-content\/uploads\/2017\/10\/cadeiadevalor-acai-mpegpeabiru.pdf\">Cadeia De Valor &#8211; A\u00e7a\u00ed<\/a><\/li>\n\n\n\n<li><a title=\"CadeiasDeValor-Mandioca\" href=\"https:\/\/peabiru.org.br\/wp-content\/uploads\/2017\/10\/cadeiasdevalor-mandioca.pdf\">Cadeias De Valor &#8211; Mandioca<\/a><\/li>\n\n\n\n<li><a title=\"Relatorio_FINAL_PESCA_vERSAO_PEABIRU\" href=\"https:\/\/peabiru.org.br\/wp-content\/uploads\/2017\/10\/relatorio_final_pesca_versao_peabiru.pdf\">Cadeias de Valor &#8211; Pesca Artesanal<\/a><\/li>\n<\/ul>\n\n\n\n<h3 class=\"wp-block-heading\"><strong>Ordenamento Fundi\u00e1rio e Escuta Maraj\u00f3<\/strong><\/h3>\n\n\n\n<ul class=\"wp-block-list\">\n<li><strong> <\/strong><a href=\"https:\/\/peabiru.org.br\/wp-content\/uploads\/2012\/09\/peabiru2013_viva-marajocc81_3-anos-atividades.pdf\" target=\"_blank\" rel=\"noopener\">Viva Maraj\u00f3: ordenamento fundi\u00e1rio de um territ\u00f3rio verde. Aprendizados e desafios de 3 anos trabalho<\/a> Publicado em: Instituto Peabiru. Bel\u00e9m, Brasil. Janeiro, 2013<strong>.<\/strong><\/li>\n\n\n\n<li><strong> <\/strong><a href=\"https:\/\/peabiru.org.br\/wp-content\/uploads\/2012\/09\/vivamarajo-escutamarajo.pdf\" target=\"_blank\" rel=\"noopener\">Viva Maraj\u00f3: Escuta Maraj\u00f3-Diagn\u00f3stico Socioecon\u00f4mico, Ambiental e Cultural do Arquip\u00e9lago do Maraj\u00f3<\/a> Publicado em: Instituto Peabiru. Bel\u00e9m, Brasil. Novembro, 2011.<\/li>\n<\/ul>\n\n\n\n<h3 class=\"wp-block-heading\"><strong>Mapas<\/strong><\/h3>\n\n\n\n<ul class=\"wp-block-list\">\n<li><a href=\"https:\/\/peabiru.org.br\/wp-content\/uploads\/2024\/08\/VivaMarajo-120709-Mapa-Fundiario-do-Marajo.jpg\" data-type=\"link\" data-id=\"https:\/\/peabiru.org.br\/wp-content\/uploads\/2024\/08\/VivaMarajo-120709-Mapa-Fundiario-do-Marajo.jpg\">Mapa Fundi\u00e1rio da Mesorregi\u00e3o do Maraj\u00f3<\/a><\/li>\n\n\n\n<li><a href=\"https:\/\/peabiru.org.br\/en\/multimidia-2\/mapas\/marajo\/\">Mapas dos munic\u00edpios do Maraj\u00f3<\/a><\/li>\n<\/ul>\n\n\n\n<hr class=\"wp-block-separator has-css-opacity\"\/>\n\n\n\n<h3 class=\"wp-block-heading\"><strong>Estudos e publica\u00e7\u00f5es de terceiros sobre o Maraj\u00f3<\/strong><\/h3>\n\n\n\n<ul class=\"wp-block-list\">\n<li><a title=\"A\u00e7a\u00ed_POR_LeonoraPepper\" href=\"https:\/\/peabiru.org.br\/wp-content\/uploads\/2017\/11\/ac3a7ac3ad_por_leonorapepper.pdf\">A\u00e7a\u00ed Ribeirinho no Mercado Global: Adicionando Valor para Garantir Renda Duradoura para Agroextrativistas do Estu\u00e1rio Amaz\u00f4nico<\/a> Por Leonora Genya Pepper, L\u00edvia de Freitas Navegantes Alves.<\/li>\n\n\n\n<li>Cartilha <a title=\"CartilhaCertifica\u00e7\u00e3oA\u00e7a\u00ed_LeonoraPepperbaixa\" href=\"https:\/\/peabiru.org.br\/wp-content\/uploads\/2017\/12\/cartilhacertificac3a7c3a3oac3a7ac3ad_leonorapepperbaixa.pdf\">Possibilidades de Certifica\u00e7\u00e3o como Mecanismo para Valorizar Produ\u00e7\u00e3o Tradicional em Sistemas Agroextrativistas<\/a>.\u00a0Por Leonora Genya Pepper, L\u00edvia de Freitas Navegantes Alves.<\/li>\n\n\n\n<li><a href=\"https:\/\/peabiru.org.br\/wp-content\/uploads\/2015\/02\/tcc-uso-dos-rn-e-associativismo-no-pae-ilha-setubal-marajo.pdf\" target=\"_blank\" rel=\"noopener\">Uso dos recursos naturais e\u00a0associativismo no PAE Ilha Setubal, munic\u00edpio de Ponta de Pedras \u2013 Arquip\u00e9lago do Maraj\u00f3\/PA<\/a>. Trabalho de Conclus\u00e3o de Curso por\u00a0Karlla Zilda Vieira Tavares, Tahnity Haarad Moura Chaves.<\/li>\n\n\n\n<li><a title=\"leonorapepper\" href=\"https:\/\/peabiru.org.br\/wp-content\/uploads\/2018\/01\/leonorapepper.pdf\" target=\"_blank\" rel=\"noopener\">A\u00e7a\u00ed Ribeirinho no Mercado Global: Adicionando Valor Para Garantir Renda Duradoura Para Agroextrativistas no Estu\u00e1rio Amaz\u00f4nico.<\/a><\/li>\n<\/ul>\n\n\n\n<h3 class=\"wp-block-heading\"><strong>Artigos<\/strong><\/h3>\n\n\n\n<ul class=\"wp-block-list\">\n<li><a title=\"arroz_no_marajo\" href=\"https:\/\/peabiru.org.br\/wp-content\/uploads\/2018\/11\/arroz_no_marajo.pdf\" target=\"_blank\" rel=\"noopener\">Arroz no Maraj\u00f3: a impunidade do agroneg\u00f3cio.<\/a> Jo\u00e3o Carlos de Souza Meirelles Filho. Publicado em: Revista Ibict. Instituto Ibict. Bras\u00edlia \u2013 DF, 2014.<\/li>\n\n\n\n<li><a href=\"https:\/\/peabiru.org.br\/wp-content\/uploads\/2024\/08\/Caracterizacao-Socioeconomica-da-Producao-e-Comercializacao-de-Farinha-de-Mandioca-no-Municipio-de-Portel-Arquipelago-do-Marajo-Estado-do-Para.pdf\" target=\"_blank\" rel=\"noreferrer noopener\">Caracteriza\u00e7\u00e3o Socioecon\u00f4mica da Produ\u00e7\u00e3o e Comercializa\u00e7\u00e3o de Farinha de Mandioca no Munic\u00edpio de Portel, Arquip\u00e9lago do Maraj\u00f3, Estado do Par\u00e1.<\/a> Marcos Ant\u00f4nio Souza dos Santos &amp; Ant\u00f4nio Cordeiro de Santana. Publicado em: Revista Verde de Agroecologia e Desenvolvimento Sustent\u00e1vel.<\/li>\n<\/ul>\n\n\n\n<div style=\"height:100px\" aria-hidden=\"true\" class=\"wp-block-spacer\"><\/div>\n\n\n\n<h1 class=\"wp-block-heading has-text-align-center\">Costa Amaz\u00f4nica<\/h1>\n\n\n\n<figure class=\"wp-block-image size-large\"><img loading=\"lazy\" decoding=\"async\" width=\"1024\" height=\"587\" src=\"https:\/\/peabiru.org.br\/wp-content\/uploads\/2022\/07\/DJI_0031-1024x587.jpg\" alt=\"\" class=\"wp-image-12818\" srcset=\"https:\/\/peabiru.org.br\/wp-content\/uploads\/2022\/07\/DJI_0031-1024x587.jpg 1024w, https:\/\/peabiru.org.br\/wp-content\/uploads\/2022\/07\/DJI_0031-300x172.jpg 300w, https:\/\/peabiru.org.br\/wp-content\/uploads\/2022\/07\/DJI_0031-768x440.jpg 768w, https:\/\/peabiru.org.br\/wp-content\/uploads\/2022\/07\/DJI_0031-1536x881.jpg 1536w, https:\/\/peabiru.org.br\/wp-content\/uploads\/2022\/07\/DJI_0031-18x10.jpg 18w, https:\/\/peabiru.org.br\/wp-content\/uploads\/2022\/07\/DJI_0031.jpg 1920w\" sizes=\"auto, (max-width: 1024px) 100vw, 1024px\" \/><\/figure>\n\n\n\n<h2 class=\"wp-block-heading\">Programa Casa da Virada (2006-2009 e 2012-2015)<\/h2>\n\n\n\n<p class=\"has-text-align-justify\">O Instituto Peabiru atua nesta regi\u00e3o desde 2006, atrav\u00e9s do <a rel=\"noreferrer noopener\" href=\"http:\/\/institutopeabiru.wordpress.com\/programas\/programa-casa-da-virada\/\" target=\"_blank\">Programa Casa da Virada<\/a>, financiado pela Petrobras, em parceria com o Museu Paraense Em\u00edlio Goeldi entre outros. As a\u00e7\u00f5es foram desenvolvidas a partir do munic\u00edpio de Curu\u00e7\u00e1, uma das regi\u00f5es de mais antiga coloniza\u00e7\u00e3o da Amaz\u00f4nia. No munic\u00edpio h\u00e1 mais de setenta comunidades al\u00e9m do n\u00facleo urbano da sede, que foram visitados no processo de constru\u00e7\u00e3o da Agenda 21 Local.<\/p>\n\n\n\n<p>Se cerca de 95% da floresta de terra firme desapareceu, os manguezais ainda se apresentam em bom estado de conserva\u00e7\u00e3o. Estes s\u00e3o fundamentais \u00e0 seguran\u00e7a alimentar da maioria da popula\u00e7\u00e3o e se encontram protegidos pela Reserva Extrativista Marinha M\u00e3e Grande de Curu\u00e7\u00e1. No entanto, a press\u00e3o sobre os manguezais e ambientes costeiros cresce rapidamente o que demanda especial aten\u00e7\u00e3o.<\/p>\n\n\n\n<h3 class=\"wp-block-heading\"><strong>Mapas<\/strong><\/h3>\n\n\n\n<ul class=\"wp-block-list\">\n<li>Confira <a href=\"https:\/\/peabiru.org.br\/en\/multimidia-2\/mapas\/salgado-paraense\/\">aqui<\/a> os mapas gerados<\/li>\n<\/ul>\n\n\n\n<h3 class=\"wp-block-heading\"><strong>Galeria&nbsp;<\/strong><\/h3>\n\n\n\n<ul class=\"wp-block-list\">\n<li>Confira <a href=\"https:\/\/peabiru.org.br\/en\/multimidia-2\/galeria-de-imagens\/programa-casa-da-virada\/\">aqui<\/a>a galeria de imagens<\/li>\n<\/ul>\n\n\n\n<h2 class=\"wp-block-heading\">Mangues da Amaz\u00f4nia (2021-2022)<\/h2>\n\n\n\n<figure class=\"wp-block-image size-large\"><img loading=\"lazy\" decoding=\"async\" width=\"1024\" height=\"683\" src=\"https:\/\/peabiru.org.br\/wp-content\/uploads\/2022\/08\/DSC00112-2-1024x683.jpg\" alt=\"\" class=\"wp-image-12950\" srcset=\"https:\/\/peabiru.org.br\/wp-content\/uploads\/2022\/08\/DSC00112-2-1024x683.jpg 1024w, https:\/\/peabiru.org.br\/wp-content\/uploads\/2022\/08\/DSC00112-2-300x200.jpg 300w, https:\/\/peabiru.org.br\/wp-content\/uploads\/2022\/08\/DSC00112-2-768x512.jpg 768w, https:\/\/peabiru.org.br\/wp-content\/uploads\/2022\/08\/DSC00112-2-1536x1024.jpg 1536w, https:\/\/peabiru.org.br\/wp-content\/uploads\/2022\/08\/DSC00112-2-18x12.jpg 18w, https:\/\/peabiru.org.br\/wp-content\/uploads\/2022\/08\/DSC00112-2.jpg 1920w\" sizes=\"auto, (max-width: 1024px) 100vw, 1024px\" \/><\/figure>\n\n\n\n<h3 class=\"wp-block-heading\"><strong>Site<\/strong><\/h3>\n\n\n\n<p>Acesse o site do projeto <a href=\"https:\/\/manguesdaamazonia.org.br\/\">Mangues da Amaz\u00f4nia<\/a>.<\/p>\n\n\n\n<h3 class=\"wp-block-heading\"><strong>Publica\u00e7\u00f5es<\/strong><\/h3>\n\n\n\n<p>Acesse a <a href=\"https:\/\/manguesdaamazonia.org.br\/publicacoes\/\">p\u00e1gina de publica\u00e7\u00f5es<\/a> do Mangues da Amaz\u00f4nia<\/p>\n\n\n\n<h3 class=\"wp-block-heading\"><strong>Videos<\/strong><\/h3>\n\n\n\n<p>Access the <a href=\"https:\/\/www.youtube.com\/channel\/UCg3oj92nxSLw5Qy_HUQ13-A\">canal do Mangues da Amaz\u00f4nia <\/a>no Youtube.<\/p>\n\n\n\n<figure class=\"wp-block-embed is-type-video is-provider-youtube wp-block-embed-youtube wp-embed-aspect-16-9 wp-has-aspect-ratio\"><div class=\"wp-block-embed__wrapper\">\n<div class=\"jetpack-video-wrapper\"><iframe loading=\"lazy\" title=\"#MangueEmMinutos EP.1: Somos o projeto Mangues da Amaz\u00f4nia!\" width=\"500\" height=\"281\" src=\"https:\/\/www.youtube.com\/embed\/tVHE2cVSDPg?feature=oembed\" frameborder=\"0\" allow=\"accelerometer; autoplay; clipboard-write; encrypted-media; gyroscope; picture-in-picture; web-share\" referrerpolicy=\"strict-origin-when-cross-origin\" allowfullscreen><\/iframe><\/div>\n<\/div><\/figure>\n\n\n\n<h3 class=\"wp-block-heading\"><strong>Nossa atua\u00e7\u00e3o na costa amaz\u00f4nica<\/strong><\/h3>\n\n\n\n<p>Em quase uma d\u00e9cada, o Instituto Peabiru trabalha no Nordeste paraense em tr\u00eas eixos:<\/p>\n\n\n\n<p><a href=\"https:\/\/peabiru.org.br\/en\/frentes-de-atuacao\/biodiversidade\/unidades-de-conservacao\/\"><strong>Conserva\u00e7\u00e3o ambiental e arqueol\u00f3gica<\/strong><\/a> <br><br>Visando subsidiar a tomada de decis\u00e3o sobre a conserva\u00e7\u00e3o da biodiversidade, o manejo de recursos naturais e a prote\u00e7\u00e3o ao patrim\u00f4nio arqueol\u00f3gico. Entre os principais resultados das pesquisas est\u00e3o: a.1) a classifica\u00e7\u00e3o de um novo tipo de forma\u00e7\u00e3o florestal com esp\u00e9cies bot\u00e2nicas amea\u00e7adas de extin\u00e7\u00e3o \u2013&nbsp;a floresta amaz\u00f4nica atl\u00e2ntica \u2013,&nbsp;que demanda urgente prote\u00e7\u00e3o; a.2) a descoberta de s\u00edtios arqueol\u00f3gicos, atualmente desprotegidos; a.3) a confirma\u00e7\u00e3o da presen\u00e7a das cinco esp\u00e9cies de tartarugas marinhas na regi\u00e3o, al\u00e9m de esp\u00e9cies de quel\u00f4nios de \u00e1gua doce; a4) a alta biodiversidade de insetos, peixes, aves e outros grupos faun\u00edsticos estudados; a.5) significativa presen\u00e7a de aves migrat\u00f3rias; e a.6) s\u00e9rio comprometimento dos cursos d\u2019\u00e1gua pelo desmatamento das matas ciliares.<\/p>\n\n\n\n<p><a rel=\"noopener\" href=\"https:\/\/peabiru.org.br\/en\/frentes-de-atuacao\/biodiversidade\/educacao-ambiental\/\" target=\"_blank\"><strong>Educa\u00e7\u00e3o ambiental<\/strong><\/a><br><br>Para ampliar o conhecimento de professores e alunos da rede p\u00fablica, al\u00e9m de usu\u00e1rios da Resex; capacitando 400 alunos e 100 professores e, atualmente, o Instituto Peabiru executa um segundo ciclo de educa\u00e7\u00e3o ambiental financiado pelo Crian\u00e7a Esperan\u00e7a (UNESCO &amp; Rede Globo), trabalhando com 100 jovens como Agentes Ambientais e 85 professores como multiplicadores;<\/p>\n\n\n\n<p><strong><a rel=\"noopener\" href=\"https:\/\/peabiru.org.br\/en\/frentes-de-atuacao\/agricultura-familiar\/manejo-da-sociobiodiversidade\/\" target=\"_blank\">Cadeias de valor da sociobiodiversidade<\/a><\/strong> <br><br>Atrav\u00e9s de dois produtos compat\u00edveis com a Resex como unidade de conserva\u00e7\u00e3o \u2013 a produ\u00e7\u00e3o de mel de abelhas sem ferr\u00e3o (Meliponicultura) com agricultores familiares e comunit\u00e1rios. Este projeto \u00e9 apoiado pelo BNDES como parte do projeto N\u00e9ctar da Amaz\u00f4nia<\/p>\n\n\n\n<p>No passado atuou-se com o&nbsp; ecoturismo de base comunit\u00e1ria, e com capacita\u00e7\u00f5es locais e apoio \u00e0 organiza\u00e7\u00e3o social. Entre as principais preocupa\u00e7\u00f5es do Instituto Peabiru est\u00e3o: a) os poss\u00edveis impactos sociais, especialmente para as comunidades tradicionais<em> na quest\u00e3o da seguran\u00e7a alimentar e fundi\u00e1ria<\/em>, dos planos de desenvolvimento econ\u00f4micos em larga escala, com destaque para o Porto do Espadarte e a explora\u00e7\u00e3o de petr\u00f3leo na plataforma costeira; b) a efetiva implementa\u00e7\u00e3o e gest\u00e3o do conjunto de unidades de conserva\u00e7\u00e3o do Salgado para a conserva\u00e7\u00e3o da biodiversidade e patrim\u00f4nio arqueol\u00f3gico; e c) o fortalecimento das organiza\u00e7\u00f5es de base local em prol da sustentabilidade da pesca artesanal e agricultura familiar. Todas as a\u00e7\u00f5es visam, acima de tudo, o fortalecimento das capacidade humanas e a organiza\u00e7\u00e3o social, em prol da maior participa\u00e7\u00e3o das comunidades locais nos processos decis\u00f3rios, para influenciar pol\u00edticas p\u00fablicas para a regi\u00e3o.<\/p>","protected":false},"excerpt":{"rendered":"<p>Aqui voc\u00ea encontra as importantes publica\u00e7\u00f5es t\u00e9cnicas e cient\u00edficas apresentadas por territ\u00f3rio: Grande Bel\u00e9m, Maraj\u00f3, Nordeste Paraense e Outros. Grande Bel\u00e9m Artigos Maraj\u00f3 Embarca Maraj\u00f3 (2015-2017) O projeto Embarca Maraj\u00f3 foi uma realiza\u00e7\u00e3o do IEB, Instituto Peabiru e Instituto Vit\u00f3ria R\u00e9gia, com apoio do Fundo Socioambiental Caixa, para o &nbsp;fortalecimento de processos de desenvolvimento local [&hellip;]<\/p>","protected":false},"author":2,"featured_media":11989,"parent":403,"menu_order":0,"comment_status":"closed","ping_status":"closed","template":"template-fullwidth.php","meta":{"advanced_seo_description":"Publica\u00e7\u00f5es t\u00e9cnicas e cient\u00edficas por territ\u00f3rio, feiras pelo Instituto Peabiru.","jetpack_seo_html_title":"Publica\u00e7\u00f5es t\u00e9cnicas e cient\u00edficas por territ\u00f3rio, feiras pelo Instituto Peabiru.","jetpack_seo_noindex":false,"footnotes":""},"class_list":["post-602","page","type-page","status-publish","has-post-thumbnail","hentry"],"jetpack_sharing_enabled":false,"_links":{"self":[{"href":"https:\/\/peabiru.org.br\/en\/wp-json\/wp\/v2\/pages\/602","targetHints":{"allow":["GET"]}}],"collection":[{"href":"https:\/\/peabiru.org.br\/en\/wp-json\/wp\/v2\/pages"}],"about":[{"href":"https:\/\/peabiru.org.br\/en\/wp-json\/wp\/v2\/types\/page"}],"author":[{"embeddable":true,"href":"https:\/\/peabiru.org.br\/en\/wp-json\/wp\/v2\/users\/2"}],"replies":[{"embeddable":true,"href":"https:\/\/peabiru.org.br\/en\/wp-json\/wp\/v2\/comments?post=602"}],"version-history":[{"count":20,"href":"https:\/\/peabiru.org.br\/en\/wp-json\/wp\/v2\/pages\/602\/revisions"}],"predecessor-version":[{"id":14741,"href":"https:\/\/peabiru.org.br\/en\/wp-json\/wp\/v2\/pages\/602\/revisions\/14741"}],"up":[{"embeddable":true,"href":"https:\/\/peabiru.org.br\/en\/wp-json\/wp\/v2\/pages\/403"}],"wp:featuredmedia":[{"embeddable":true,"href":"https:\/\/peabiru.org.br\/en\/wp-json\/wp\/v2\/media\/11989"}],"wp:attachment":[{"href":"https:\/\/peabiru.org.br\/en\/wp-json\/wp\/v2\/media?parent=602"}],"curies":[{"name":"wp","href":"https:\/\/api.w.org\/{rel}","templated":true}]}}