{"id":6464,"date":"2024-07-18T14:21:10","date_gmt":"2024-07-18T17:21:10","guid":{"rendered":"http:\/\/peabiru.org.br\/?page_id=6464"},"modified":"2024-07-18T14:21:10","modified_gmt":"2024-07-18T17:21:10","slug":"sobre-nosotros","status":"publish","type":"page","link":"https:\/\/peabiru.org.br\/en\/sobre-nosotros\/","title":{"rendered":"Sobre nosotros"},"content":{"rendered":"<p><strong>Sobre Peabiru\u00a0Instituto<\/strong><\/p>\n<p>Peabiru Instituto se clasifica como una Organizaci\u00f3n de la Sociedad Civil de Inter\u00e9s Publico (OSCIP sigla en portugu\u00e9s), y su misi\u00f3n es<\/p>\n<h3><span style=\"color: #339966;\"><strong>&#8220;La misi\u00f3n<\/strong> <em><strong>de facilitar procesos de fortalecimiento de la organizaci\u00f3n social y de la valorizaci\u00f3n de la sociobiodiversidad<\/strong>.&#8221;<\/em><\/span><\/h3>\n<p>Act\u00faa nacionalmente, con atenci\u00f3n a Par\u00e1 (Maraj\u00f3, Regi\u00f3n Metropolitana de Bel\u00e9m y Nordeste Paraense). En junio de 2018 completa 20 a\u00f1os de actuaci\u00f3n. Con sede en Bel\u00e9m, Par\u00e1 trabaja en 4 ejes, destacando:<\/p>\n<p><span style=\"color: #800000;\">1.\u00a0 Asistencia t\u00e9cnica a Agricultores Familiares, Pueblos y Comunidades Tradicionales.<\/span><\/p>\n<p>Fortalecer capacidades individuales, colectivas y asociativas para la governanza territorial y gesti\u00f3n de los recursos locales, especialmente para exigir derechos b\u00e1sicos y en pro de la sustentabilidad, conservando la tierra, la cultura y el ambiente, y promoviendo la seguridad alimentaria, h\u00eddrica y energ\u00e9tica. Destaque para: a. Asistencia T\u00e9cnica y Extensi\u00f3n Rural (ATER); b. Fortalecimiento de Productores en Cadenas de Valor de la Sociobiodiversidad (a\u00e7a\u00ed, pesca artesanal -camar\u00f3n, cangrejo y pescado-, productos forestales no madereros, como aceite de andiroba y miel de abejas sin aguij\u00f3n) y turismo de base comunitaria; c. Seguridad en el trabajo en el medio rural (a\u00e7a\u00ed); d. Apoyo al monitoriamiento, reflexi\u00f3n y elaboraci\u00f3n de estrat\u00e9gias de garant\u00eda de derechos.<\/p>\n<p><span style=\"color: #800000;\">2.\u00a0 Protecci\u00f3n Social a Ni\u00f1os, J\u00f3venes y Mujeres.<\/span><\/p>\n<p>Contribuir para garantir los derechos de ni\u00f1os y j\u00f3venes, en pro de mayor equidad entre mujeres y hombres y el empoderamineto de las mujeres. Destaques: a. Indicadores Sociales P\u00fablicos para ni\u00f1os y j\u00f3venes (Sello UNIICEF Edici\u00f3n 2017-2020); b. Est\u00edmulo y soporte a orgnizaciones sociales y neg\u00f3cios rurales liderados por mujeres.<\/p>\n<p><span style=\"color: #800000;\">3.\u00a0 Responsabilidad Social Corporativa.<\/span><\/p>\n<p>Construir alianzas con empresas, entes p\u00fablicos y comunidades afectadas por las operaciones de las empresas en pro de la sustentabilidad, especialmente para: a. La mediaci\u00f3n de conflictos; b. Implementaci\u00f3n de tecnolog\u00edas sociales para soluci\u00f3n de problemas del entorno de emprendimientos (energ\u00eda sustentable, sistemas de agua de lluvia, etc); c. Fortalecimiento de la organizaci\u00f3n social para representaci\u00f3n de actores de interlocuci\u00f3n con poder p\u00fablico e iniciativa privada; y d. Construcci\u00f3n participativa de planes de desarrollo local. Destaques: Cadenas de valor de la palma (dend\u00ea), mineraci\u00f3n, papel y celulosa.<\/p>\n<p><span style=\"color: #800000;\">4.\u00a0 Conservaci\u00f3n de la Biodiversidad.<\/span><\/p>\n<p>Aumentar el conocimiento sobre la biodiverdidad del bioma Amaz\u00f3nico, especialmente del Centro de Endemismo Bel\u00e9m (Amazonas Maranhense y Par\u00e1 al este del R\u00edo Tocantins); contribuir a la conservaci\u00f3n de \u00e1reas p\u00fablicas y privadas priorit\u00e1rias para conservaci\u00f3n; y promover la educaci\u00f3n ambiental. Destaques: a. Programa ProGoeldi para revitalizaci\u00f3n del Parque Zoobot\u00e2nico del Museo Goeldi, Bel\u00e9m, Par\u00e1. b. Conservaci\u00f3n de polinizadores, especialmente abejas sin aguij\u00f3n; y c. Educaci\u00f3n ambiental para ni\u00f1os y j\u00f3venes.<\/p>\n<p><span style=\"color: #000000;\"><strong>Galer\u00eda de fotos<\/strong><\/span><\/p>\n\n\t\t<style type=\"text\/css\">\n\t\t\t#gallery-1 {\n\t\t\t\tmargin: auto;\n\t\t\t}\n\t\t\t#gallery-1 .gallery-item {\n\t\t\t\tfloat: left;\n\t\t\t\tmargin-top: 10px;\n\t\t\t\ttext-align: center;\n\t\t\t\twidth: 33%;\n\t\t\t}\n\t\t\t#gallery-1 img {\n\t\t\t\tborder: 2px solid #cfcfcf;\n\t\t\t}\n\t\t\t#gallery-1 .gallery-caption {\n\t\t\t\tmargin-left: 0;\n\t\t\t}\n\t\t\t\/* see gallery_shortcode() in wp-includes\/media.php *\/\n\t\t<\/style>\n\t\t<div id='gallery-1' class='gallery galleryid-6464 gallery-columns-3 gallery-size-thumbnail'><dl class='gallery-item'>\n\t\t\t<dt class='gallery-icon landscape'>\n\t\t\t\t<a href='https:\/\/peabiru.org.br\/en\/p1070870\/'><img loading=\"lazy\" decoding=\"async\" width=\"150\" height=\"150\" src=\"https:\/\/peabiru.org.br\/wp-content\/uploads\/2014\/06\/p1070870-150x150.jpeg\" class=\"attachment-thumbnail size-thumbnail\" alt=\"\" aria-describedby=\"gallery-1-2659\" \/><\/a>\n\t\t\t<\/dt>\n\t\t\t\t<dd class='wp-caption-text gallery-caption' id='gallery-1-2659'>\n\t\t\t\t J\u00f3venes de la isla de Cotijuba juegan footbal en un campo iluminado por energ\u00eda solar. (Cr\u00e9dito de la foto: Eric Stoner)\n\t\t\t\t<\/dd><\/dl><dl class='gallery-item'>\n\t\t\t<dt class='gallery-icon landscape'>\n\t\t\t\t<a href='https:\/\/peabiru.org.br\/en\/casadavirada_curuca2\/'><img loading=\"lazy\" decoding=\"async\" width=\"150\" height=\"150\" src=\"https:\/\/peabiru.org.br\/wp-content\/uploads\/2014\/07\/casadavirada_curuca2-150x150.jpg\" class=\"attachment-thumbnail size-thumbnail\" alt=\"\" aria-describedby=\"gallery-1-2712\" \/><\/a>\n\t\t\t<\/dt>\n\t\t\t\t<dd class='wp-caption-text gallery-caption' id='gallery-1-2712'>\n\t\t\t\tCapacitar a j\u00f3venes en el Salgado Paraense para actuar como Agentes Ambientales, proyecto Casa da Virada. (Cr\u00e9dito de la foto: Rafael Araujo)\n\t\t\t\t<\/dd><\/dl><dl class='gallery-item'>\n\t\t\t<dt class='gallery-icon landscape'>\n\t\t\t\t<a href='https:\/\/peabiru.org.br\/en\/cadeiasdevalor-2\/'><img loading=\"lazy\" decoding=\"async\" width=\"150\" height=\"150\" src=\"https:\/\/peabiru.org.br\/wp-content\/uploads\/2014\/07\/cadeiasdevalor-150x150.jpg\" class=\"attachment-thumbnail size-thumbnail\" alt=\"\" aria-describedby=\"gallery-1-2711\" \/><\/a>\n\t\t\t<\/dt>\n\t\t\t\t<dd class='wp-caption-text gallery-caption' id='gallery-1-2711'>\n\t\t\t\tProyecto de capacitaci\u00f3n de residentes en mejores pr\u00e1cticas para la producci\u00f3n de harina de mandioca, Portel (Maraj\u00f3, PA) (Cr\u00e9dito de la foto: Instituto Peabiru)\n\t\t\t\t<\/dd><\/dl><br style=\"clear: both\" \/><dl class='gallery-item'>\n\t\t\t<dt class='gallery-icon landscape'>\n\t\t\t\t<a href='https:\/\/peabiru.org.br\/en\/polo-santa-maria\/'><img loading=\"lazy\" decoding=\"async\" width=\"150\" height=\"150\" src=\"https:\/\/peabiru.org.br\/wp-content\/uploads\/2014\/06\/polo-santa-maria-150x150.jpg\" class=\"attachment-thumbnail size-thumbnail\" alt=\"\" aria-describedby=\"gallery-1-2652\" \/><\/a>\n\t\t\t<\/dt>\n\t\t\t\t<dd class='wp-caption-text gallery-caption' id='gallery-1-2652'>\n\t\t\t\tEl Instituto Peabiru ayuda a recuperar y conservar los recursos pesqueros en Curralinho (Maraj\u00f3, PA) (Cr\u00e9dito de la foto: Instituto Peabiru)\n\t\t\t\t<\/dd><\/dl><dl class='gallery-item'>\n\t\t\t<dt class='gallery-icon landscape'>\n\t\t\t\t<a href='https:\/\/peabiru.org.br\/en\/marajo2\/'><img loading=\"lazy\" decoding=\"async\" width=\"150\" height=\"150\" src=\"https:\/\/peabiru.org.br\/wp-content\/uploads\/2014\/07\/marajo2-150x150.jpg\" class=\"attachment-thumbnail size-thumbnail\" alt=\"\" aria-describedby=\"gallery-1-2714\" \/><\/a>\n\t\t\t<\/dt>\n\t\t\t\t<dd class='wp-caption-text gallery-caption' id='gallery-1-2714'>\n\t\t\t\tFortalecimiento de la cadena de valor del a\u00e7a\u00ed (Cr\u00e9dito de la foto: Monte D. Hendrickson)\n\t\t\t\t<\/dd><\/dl><dl class='gallery-item'>\n\t\t\t<dt class='gallery-icon landscape'>\n\t\t\t\t<a href='https:\/\/peabiru.org.br\/en\/ecoturismo1\/'><img loading=\"lazy\" decoding=\"async\" width=\"150\" height=\"150\" src=\"https:\/\/peabiru.org.br\/wp-content\/uploads\/2014\/07\/ecoturismo1-150x150.jpg\" class=\"attachment-thumbnail size-thumbnail\" alt=\"\" aria-describedby=\"gallery-1-2713\" \/><\/a>\n\t\t\t<\/dt>\n\t\t\t\t<dd class='wp-caption-text gallery-caption' id='gallery-1-2713'>\n\t\t\t\tActividades de ecoturismo organizadas por el Instituto Peabiru (Cr\u00e9dito de la foto: Rafael Araujo)\n\t\t\t\t<\/dd><\/dl><br style=\"clear: both\" \/><dl class='gallery-item'>\n\t\t\t<dt class='gallery-icon landscape'>\n\t\t\t\t<a href='https:\/\/peabiru.org.br\/en\/20072012_rafael-araujo-curuca-peabiru-00336\/'><img loading=\"lazy\" decoding=\"async\" width=\"150\" height=\"150\" src=\"https:\/\/peabiru.org.br\/wp-content\/uploads\/2012\/10\/20072012_rafael-araujo-curuca-peabiru-00336-150x150.jpeg\" class=\"attachment-thumbnail size-thumbnail\" alt=\"\" aria-describedby=\"gallery-1-1334\" \/><\/a>\n\t\t\t<\/dt>\n\t\t\t\t<dd class='wp-caption-text gallery-caption' id='gallery-1-1334'>\n\t\t\t\tProyecto ap\u00edcola en Curu\u00e7\u00e1, PA (Cr\u00e9dito de la foto: Rafael Ara\u00fajo)\n\t\t\t\t<\/dd><\/dl>\n\t\t\t<br style='clear: both' \/>\n\t\t<\/div>","protected":false},"excerpt":{"rendered":"<p>Peabiru Instituto se clasifica como una Organizaci\u00f3n de la Sociedad Civil de Inter\u00e9s Publico (OSCIP sigla en portugu\u00e9s), y su misi\u00f3n es<\/p>","protected":false},"author":2,"featured_media":0,"parent":0,"menu_order":0,"comment_status":"closed","ping_status":"closed","template":"","meta":{"advanced_seo_description":"","jetpack_seo_html_title":"","jetpack_seo_noindex":false,"footnotes":""},"class_list":["post-6464","page","type-page","status-publish","hentry"],"jetpack_sharing_enabled":true,"_links":{"self":[{"href":"https:\/\/peabiru.org.br\/en\/wp-json\/wp\/v2\/pages\/6464","targetHints":{"allow":["GET"]}}],"collection":[{"href":"https:\/\/peabiru.org.br\/en\/wp-json\/wp\/v2\/pages"}],"about":[{"href":"https:\/\/peabiru.org.br\/en\/wp-json\/wp\/v2\/types\/page"}],"author":[{"embeddable":true,"href":"https:\/\/peabiru.org.br\/en\/wp-json\/wp\/v2\/users\/2"}],"replies":[{"embeddable":true,"href":"https:\/\/peabiru.org.br\/en\/wp-json\/wp\/v2\/comments?post=6464"}],"version-history":[{"count":1,"href":"https:\/\/peabiru.org.br\/en\/wp-json\/wp\/v2\/pages\/6464\/revisions"}],"predecessor-version":[{"id":14682,"href":"https:\/\/peabiru.org.br\/en\/wp-json\/wp\/v2\/pages\/6464\/revisions\/14682"}],"wp:attachment":[{"href":"https:\/\/peabiru.org.br\/en\/wp-json\/wp\/v2\/media?parent=6464"}],"curies":[{"name":"wp","href":"https:\/\/api.w.org\/{rel}","templated":true}]}}