{"id":6503,"date":"2024-07-18T14:10:55","date_gmt":"2024-07-18T17:10:55","guid":{"rendered":"https:\/\/institutopeabiru.wordpress.com\/?page_id=6503"},"modified":"2024-07-18T14:10:55","modified_gmt":"2024-07-18T17:10:55","slug":"livretos","status":"publish","type":"page","link":"https:\/\/peabiru.org.br\/en\/livretos\/","title":{"rendered":"Livretos"},"content":{"rendered":"<div class=\"wp-block-columns is-layout-flex wp-container-core-columns-is-layout-9d6595d7 wp-block-columns-is-layout-flex\">\n<div class=\"wp-block-column is-layout-flow wp-block-column-is-layout-flow\" style=\"flex-basis:50%\"><div class=\"wp-block-image\">\n<figure class=\"alignleft\"><img loading=\"lazy\" decoding=\"async\" width=\"340\" height=\"392\" src=\"https:\/\/peabiru.org.br\/wp-content\/uploads\/2018\/08\/gerenciamento-projetos-desenvolvimento-educac3a7c3a3o-ambiental-publicac3a7c3a3o.png\" alt=\"gerenciamento.projetos.desenvolvimento.educa\u00e7\u00e3o.ambiental.publica\u00e7\u00e3o\" class=\"wp-image-6494\" srcset=\"https:\/\/peabiru.org.br\/wp-content\/uploads\/2018\/08\/gerenciamento-projetos-desenvolvimento-educac3a7c3a3o-ambiental-publicac3a7c3a3o.png 340w, https:\/\/peabiru.org.br\/wp-content\/uploads\/2018\/08\/gerenciamento-projetos-desenvolvimento-educac3a7c3a3o-ambiental-publicac3a7c3a3o-260x300.png 260w\" sizes=\"auto, (max-width: 340px) 100vw, 340px\" \/><\/figure>\n<\/div><\/div>\n\n\n\n<div class=\"wp-block-column is-layout-flow wp-block-column-is-layout-flow\" style=\"flex-basis:50%\"><\/div>\n<\/div>\n\n\n\n<p><span style=\"color: #000000;\">Qual seria o prop\u00f3sito da profissionaliza\u00e7\u00e3o do gerenciamento de projetos (GP)&nbsp;em organiza\u00e7\u00f5es do terceiro setor? Em que medida \u00e9 vantajoso para estas organiza\u00e7\u00f5es,&nbsp;que j\u00e1 se encontram bastante atarefadas, investirem tempo e recursos para incorporar&nbsp;novas pr\u00e1ticas de gerenciamento de projetos? Para que servem boas pr\u00e1ticas internacionais de GP para as pequenas organiza\u00e7\u00f5es, que manejam limitados recursos?<\/span><\/p>\n\n\n\n<div class=\"wp-block-buttons is-content-justification-center is-layout-flex wp-container-core-buttons-is-layout-16018d1d wp-block-buttons-is-layout-flex\">\n<div class=\"wp-block-button is-style-outline is-style-outline--1\"><a class=\"wp-block-button__link has-black-color has-text-color\" href=\"https:\/\/peabiru.org.br\/wp-content\/uploads\/2012\/09\/meu-mangue10x15_aberto.pdf\" style=\"border-radius:0px\"><span style=\"color: #800000;\">Gerenciamento de Projetos de Desenvolvimento e Educa\u00e7\u00e3o Ambiental<\/span><\/a><\/div>\n<\/div>\n\n\n\n<div style=\"height:100px\" aria-hidden=\"true\" class=\"wp-block-spacer\"><\/div>\n\n\n\n<div class=\"wp-block-columns is-layout-flex wp-container-core-columns-is-layout-9d6595d7 wp-block-columns-is-layout-flex\">\n<div class=\"wp-block-column is-layout-flow wp-block-column-is-layout-flow\" style=\"flex-basis:50%\"><div class=\"wp-block-image\">\n<figure class=\"alignleft\"><img loading=\"lazy\" decoding=\"async\" width=\"342\" height=\"392\" src=\"https:\/\/peabiru.org.br\/wp-content\/uploads\/2018\/08\/guia-projetos-sociambientais.png\" alt=\"Guia.projetos.sociambientais\" class=\"wp-image-6495\" srcset=\"https:\/\/peabiru.org.br\/wp-content\/uploads\/2018\/08\/guia-projetos-sociambientais.png 342w, https:\/\/peabiru.org.br\/wp-content\/uploads\/2018\/08\/guia-projetos-sociambientais-262x300.png 262w\" sizes=\"auto, (max-width: 342px) 100vw, 342px\" \/><\/figure>\n<\/div><\/div>\n\n\n\n<div class=\"wp-block-column is-layout-flow wp-block-column-is-layout-flow\" style=\"flex-basis:50%\"><\/div>\n<\/div>\n\n\n\n<p><span style=\"color: #000000;\">Este guia pretende compartilhar a experi\u00eancia do Instituto Peabiru em gerenciamento de projetos socioambientais. O Guia&nbsp; apresentar algumas t\u00e9cnicas e ferramentas, testadas e utilizadas, por in\u00fameros profissionais de gerenciamento de projetos ao redor do mundo, e que foram incorporadas \u00e0 metodologia de gest\u00e3o do Instituto Peabiru.<\/span><\/p>\n\n\n\n<div class=\"wp-block-buttons is-content-justification-center is-layout-flex wp-container-core-buttons-is-layout-16018d1d wp-block-buttons-is-layout-flex\">\n<div class=\"wp-block-button is-style-outline is-style-outline--2\"><a class=\"wp-block-button__link\" href=\"https:\/\/peabiru.org.br\/wp-content\/uploads\/2014\/01\/guia-de-gerenciamento-de-projetos-socioambientais-100x150mm.pdf\" style=\"border-radius:0px\">Guia de Gerenciamento de Projetos Socioambientais<\/a><\/div>\n<\/div>\n\n\n\n<div style=\"height:100px\" aria-hidden=\"true\" class=\"wp-block-spacer\"><\/div>\n\n\n\n<div class=\"wp-block-columns is-layout-flex wp-container-core-columns-is-layout-9d6595d7 wp-block-columns-is-layout-flex\">\n<div class=\"wp-block-column is-layout-flow wp-block-column-is-layout-flow\" style=\"flex-basis:50%\"><div class=\"wp-block-image\">\n<figure class=\"alignleft\"><img loading=\"lazy\" decoding=\"async\" width=\"374\" height=\"411\" src=\"https:\/\/peabiru.org.br\/wp-content\/uploads\/2018\/08\/vivapesca-guia-construc3a7c3a3o-acordos-pesca-riocanaticu.png\" alt=\"vivapesca.guia.constru\u00e7\u00e3o.acordos.pesca.riocanaticu\" class=\"wp-image-6496\" srcset=\"https:\/\/peabiru.org.br\/wp-content\/uploads\/2018\/08\/vivapesca-guia-construc3a7c3a3o-acordos-pesca-riocanaticu.png 374w, https:\/\/peabiru.org.br\/wp-content\/uploads\/2018\/08\/vivapesca-guia-construc3a7c3a3o-acordos-pesca-riocanaticu-273x300.png 273w\" sizes=\"auto, (max-width: 374px) 100vw, 374px\" \/><\/figure>\n<\/div><\/div>\n\n\n\n<div class=\"wp-block-column is-layout-flow wp-block-column-is-layout-flow\" style=\"flex-basis:50%\"><\/div>\n<\/div>\n\n\n\n<p><span style=\"color: #000000;\">Programa Viva Maraj\u00f3 com o objetivo de contribuir para a implementa\u00e7\u00e3o e consolida\u00e7\u00e3o de \u00e1reas protegidas do Arquip\u00e9lago do Maraj\u00f3 para a melhoria&nbsp;da qualidade de vida, a conserva\u00e7\u00e3o da biodiversidade e da cultura e promo\u00e7\u00e3o&nbsp;da sustentabilidade.&nbsp;&nbsp; Este documento tenta dar conta do processo&nbsp;de implementa\u00e7\u00e3o deste projeto e como registro metodol\u00f3gico dos Acordos de&nbsp;Pesca do Rio Canaticu.&nbsp;<\/span><\/p>\n\n\n\n<div class=\"wp-block-buttons is-content-justification-center is-layout-flex wp-container-core-buttons-is-layout-16018d1d wp-block-buttons-is-layout-flex\">\n<div class=\"wp-block-button is-style-outline is-style-outline--3\"><a class=\"wp-block-button__link\" href=\"https:\/\/peabiru.org.br\/wp-content\/uploads\/2014\/01\/viva_pesca_guia_de_construcao_de_acordos_-de_pesca_canaticu_web.pdf\" style=\"border-radius:0px\">Guia de Constru\u00e7\u00e3o de Acordos de Pesca<\/a><\/div>\n<\/div>\n\n\n\n<div style=\"height:100px\" aria-hidden=\"true\" class=\"wp-block-spacer\"><\/div>\n\n\n\n<div class=\"wp-block-columns is-layout-flex wp-container-core-columns-is-layout-9d6595d7 wp-block-columns-is-layout-flex\">\n<div class=\"wp-block-column is-layout-flow wp-block-column-is-layout-flow\" style=\"flex-basis:50%\"><div class=\"wp-block-image\">\n<figure class=\"alignleft\"><img loading=\"lazy\" decoding=\"async\" width=\"330\" height=\"376\" src=\"https:\/\/peabiru.org.br\/wp-content\/uploads\/2018\/08\/2-fortalecimento-arranjo-cadeiadevalor-ac3a7ai-marajo.png\" alt=\"2.fortalecimento.arranjo.cadeiadevalor.a\u00e7ai.marajo\" class=\"wp-image-6501\" srcset=\"https:\/\/peabiru.org.br\/wp-content\/uploads\/2018\/08\/2-fortalecimento-arranjo-cadeiadevalor-ac3a7ai-marajo.png 330w, https:\/\/peabiru.org.br\/wp-content\/uploads\/2018\/08\/2-fortalecimento-arranjo-cadeiadevalor-ac3a7ai-marajo-263x300.png 263w\" sizes=\"auto, (max-width: 330px) 100vw, 330px\" \/><\/figure>\n<\/div><\/div>\n\n\n\n<div class=\"wp-block-column is-layout-flow wp-block-column-is-layout-flow\" style=\"flex-basis:50%\"><\/div>\n<\/div>\n\n\n\n<p><span style=\"color: #000000;\">Subsidiado pelo Programa das Na\u00e7\u00f5es Unidas para o Desenvolvimento \u2013 PNUD em parceria com o Minist\u00e9rio do Meio Ambiente, este projeto, tema desta publica\u00e7\u00e3o, foca no fortalecimento das organiza\u00e7\u00f5es sociais para desenvolvimento de estrat\u00e9gias para o fortalecimento dos Arranjos Produtivos Locais \u2013 APL\u2019s do a\u00e7a\u00ed e da andiroba no Maraj\u00f3.&nbsp;<\/span><\/p>\n\n\n\n<div class=\"wp-block-buttons is-content-justification-center is-layout-flex wp-container-core-buttons-is-layout-16018d1d wp-block-buttons-is-layout-flex\">\n<div class=\"wp-block-button is-style-outline is-style-outline--4\"><a class=\"wp-block-button__link\" href=\"https:\/\/peabiru.org.br\/wp-content\/uploads\/2016\/06\/160505_livreto_pnud.pdf\" style=\"border-radius:0px\">Planejamento para Fortalecimento do Arranjo Produtivo Local da Cadeia do A\u00e7a\u00ed<\/a><\/div>\n<\/div>\n\n\n\n<div style=\"height:100px\" aria-hidden=\"true\" class=\"wp-block-spacer\"><\/div>\n\n\n\n<div class=\"wp-block-columns is-layout-flex wp-container-core-columns-is-layout-9d6595d7 wp-block-columns-is-layout-flex\">\n<div class=\"wp-block-column is-layout-flow wp-block-column-is-layout-flow\" style=\"flex-basis:50%\"><div class=\"wp-block-image\">\n<figure class=\"alignleft\"><img loading=\"lazy\" decoding=\"async\" width=\"367\" height=\"476\" src=\"https:\/\/peabiru.org.br\/wp-content\/uploads\/2018\/08\/abelhas-nativas-amazonia-populac3a7c3b5es-tradicionais.png\" alt=\"abelhas.nativas.amazonia.popula\u00e7\u00f5es.tradicionais\" class=\"wp-image-6498\" srcset=\"https:\/\/peabiru.org.br\/wp-content\/uploads\/2018\/08\/abelhas-nativas-amazonia-populac3a7c3b5es-tradicionais.png 367w, https:\/\/peabiru.org.br\/wp-content\/uploads\/2018\/08\/abelhas-nativas-amazonia-populac3a7c3b5es-tradicionais-231x300.png 231w\" sizes=\"auto, (max-width: 367px) 100vw, 367px\" \/><\/figure>\n<\/div><\/div>\n\n\n\n<div class=\"wp-block-column is-layout-flow wp-block-column-is-layout-flow\" style=\"flex-basis:50%\"><\/div>\n<\/div>\n\n\n\n<p><span style=\"color: #000000;\">Pesquisas aplicadas do Instituto Peabiru sobre as abelhas nativas da Amaz\u00f4nia demonstram o potencial da meliponicultura \u2013 produ\u00e7\u00e3o de mel de abelhas sem ferr\u00e3o \u2013 como cadeia de valor sustent\u00e1vel e participativa. Este manual traz, de maneira simples e resumida, orienta\u00e7\u00f5es b\u00e1sicas de como criar, manejar e produzir mel de abelhas nativas sem ferr\u00e3o, a partir da realidade de comunidades tradicionais que habitam a regi\u00e3o amaz\u00f4nica, como estrat\u00e9gia de conserva\u00e7\u00e3o da sociobiodiversidade.<\/span><\/p>\n\n\n\n<div class=\"wp-block-buttons is-content-justification-center is-layout-flex wp-container-core-buttons-is-layout-16018d1d wp-block-buttons-is-layout-flex\">\n<div class=\"wp-block-button is-style-outline is-style-outline--5\"><a class=\"wp-block-button__link\" href=\"https:\/\/peabiru.org.br\/wp-content\/uploads\/2012\/09\/projeto-casa-da-virada-manual-do-mel-nativo.pdf\" style=\"border-radius:0px\">Manual de Meliponicultura<\/a><\/div>\n<\/div>\n\n\n\n<div style=\"height:100px\" aria-hidden=\"true\" class=\"wp-block-spacer\"><\/div>\n\n\n\n<div class=\"wp-block-columns is-layout-flex wp-container-core-columns-is-layout-9d6595d7 wp-block-columns-is-layout-flex\">\n<div class=\"wp-block-column is-layout-flow wp-block-column-is-layout-flow\" style=\"flex-basis:50%\"><div class=\"wp-block-image\">\n<figure class=\"alignleft\"><img loading=\"lazy\" decoding=\"async\" width=\"367\" height=\"442\" src=\"https:\/\/peabiru.org.br\/wp-content\/uploads\/2018\/08\/mata-amazonica-atlantica-floresta-terrafirme.png\" alt=\"mata.amazonica.atlantica.floresta.terrafirme\" class=\"wp-image-6499\" srcset=\"https:\/\/peabiru.org.br\/wp-content\/uploads\/2018\/08\/mata-amazonica-atlantica-floresta-terrafirme.png 367w, https:\/\/peabiru.org.br\/wp-content\/uploads\/2018\/08\/mata-amazonica-atlantica-floresta-terrafirme-249x300.png 249w\" sizes=\"auto, (max-width: 367px) 100vw, 367px\" \/><\/figure>\n<\/div><\/div>\n\n\n\n<div class=\"wp-block-column is-layout-flow wp-block-column-is-layout-flow\" style=\"flex-basis:50%\"><\/div>\n<\/div>\n\n\n\n<p><span style=\"color: #000000;\">O projeto Casa da Virada do Instituto Peabiru, com patroc\u00ednio da PETROBRAS, re\u00fane um conjunto de a\u00e7\u00f5es de educa\u00e7\u00e3o ambiental, desenvolvimento de cadeias de valor e direcionadas para atuar com as comunidades tradicionais da regi\u00e3o do Salgado Paraense. As expedi\u00e7\u00f5es cient\u00edficas &#8211; parte das pesquisas desenvolvidas pelo Projeto &#8211;&nbsp;que encontraram a rara Ilha de Ipomonga, no munic\u00edpio de Curu\u00e7\u00e1, no Par\u00e1 \u2013 a Mata Amaz\u00f4nica Atl\u00e2ntica.&nbsp;&nbsp;<\/span><\/p>\n\n\n\n<div class=\"wp-block-buttons is-content-justification-center is-layout-flex wp-container-core-buttons-is-layout-16018d1d wp-block-buttons-is-layout-flex\">\n<div class=\"wp-block-button is-style-outline is-style-outline--6\"><a class=\"wp-block-button__link\" href=\"https:\/\/peabiru.org.br\/wp-content\/uploads\/2012\/09\/livreto-mata-amazc3b4nica-atlc3a2ntica.pdf\" style=\"border-radius:0px\">Mata Amaz\u00f4nica Atl\u00e2ntica<\/a><\/div>\n<\/div>\n\n\n\n<div style=\"height:100px\" aria-hidden=\"true\" class=\"wp-block-spacer\"><\/div>\n\n\n\n<div class=\"wp-block-columns is-layout-flex wp-container-core-columns-is-layout-9d6595d7 wp-block-columns-is-layout-flex\">\n<div class=\"wp-block-column is-layout-flow wp-block-column-is-layout-flow\" style=\"flex-basis:50%\"><div class=\"wp-block-image\">\n<figure class=\"alignleft\"><img loading=\"lazy\" decoding=\"async\" width=\"492\" height=\"694\" src=\"https:\/\/peabiru.org.br\/wp-content\/uploads\/2013\/10\/capa_caderno-de-indicadores.png\" alt=\"Capa_Caderno de Indicadores\" class=\"wp-image-2050\" srcset=\"https:\/\/peabiru.org.br\/wp-content\/uploads\/2013\/10\/capa_caderno-de-indicadores.png 492w, https:\/\/peabiru.org.br\/wp-content\/uploads\/2013\/10\/capa_caderno-de-indicadores-213x300.png 213w\" sizes=\"auto, (max-width: 492px) 100vw, 492px\" \/><\/figure>\n<\/div><\/div>\n\n\n\n<div class=\"wp-block-column is-layout-flow wp-block-column-is-layout-flow\" style=\"flex-basis:50%\"><\/div>\n<\/div>\n\n\n\n<p>O caderno de Indicadores de Monitoramento Ambiental Comunit\u00e1rio consiste em perguntas de monitoramento sobre o bem-estar social e a conserva\u00e7\u00e3o, apontadas pela pr\u00f3pria comunidade. Este trabalho foi lan\u00e7ado pelo Projeto Casa da Virada, desenvolvido pelo Instituto Peabiru no munic\u00edpio de Curu\u00e7\u00e1, no Salgado Paraense<\/p>\n\n\n\n<div class=\"wp-block-buttons is-content-justification-center is-layout-flex wp-container-core-buttons-is-layout-16018d1d wp-block-buttons-is-layout-flex\">\n<div class=\"wp-block-button is-style-outline is-style-outline--7\"><a class=\"wp-block-button__link\" href=\"https:\/\/peabiru.org.br\/wp-content\/uploads\/2012\/09\/caderno-de-indicadores.pdf\" style=\"border-radius:0px\">Indicadores de Monitoramento Ambiental Comunit\u00e1rio<\/a><\/div>\n<\/div>\n\n\n\n<div style=\"height:300px\" aria-hidden=\"true\" class=\"wp-block-spacer\"><\/div>","protected":false},"excerpt":{"rendered":"<p>Confira os livretos produzidos pelo Instituto Peabiru<\/p>","protected":false},"author":2,"featured_media":6302,"parent":0,"menu_order":0,"comment_status":"closed","ping_status":"closed","template":"","meta":{"advanced_seo_description":"","jetpack_seo_html_title":"","jetpack_seo_noindex":false,"footnotes":""},"class_list":["post-6503","page","type-page","status-publish","has-post-thumbnail","hentry"],"jetpack_sharing_enabled":true,"_links":{"self":[{"href":"https:\/\/peabiru.org.br\/en\/wp-json\/wp\/v2\/pages\/6503","targetHints":{"allow":["GET"]}}],"collection":[{"href":"https:\/\/peabiru.org.br\/en\/wp-json\/wp\/v2\/pages"}],"about":[{"href":"https:\/\/peabiru.org.br\/en\/wp-json\/wp\/v2\/types\/page"}],"author":[{"embeddable":true,"href":"https:\/\/peabiru.org.br\/en\/wp-json\/wp\/v2\/users\/2"}],"replies":[{"embeddable":true,"href":"https:\/\/peabiru.org.br\/en\/wp-json\/wp\/v2\/comments?post=6503"}],"version-history":[{"count":5,"href":"https:\/\/peabiru.org.br\/en\/wp-json\/wp\/v2\/pages\/6503\/revisions"}],"predecessor-version":[{"id":14659,"href":"https:\/\/peabiru.org.br\/en\/wp-json\/wp\/v2\/pages\/6503\/revisions\/14659"}],"wp:featuredmedia":[{"embeddable":true,"href":"https:\/\/peabiru.org.br\/en\/wp-json\/wp\/v2\/media\/6302"}],"wp:attachment":[{"href":"https:\/\/peabiru.org.br\/en\/wp-json\/wp\/v2\/media?parent=6503"}],"curies":[{"name":"wp","href":"https:\/\/api.w.org\/{rel}","templated":true}]}}